{"version":"1.0","provider_name":"La Ressource","provider_url":"https:\/\/www.irsam.fr\/laressource","author_name":"hrazafimaharavo","author_url":"https:\/\/www.irsam.fr\/laressource\/author\/hrazafimaharavo\/","title":"Voyage Rodrigues : les enfants imaginent leur voyage en mots et en images - La Ressource","type":"rich","width":600,"height":338,"html":"<blockquote class=\"wp-embedded-content\" data-secret=\"K3frn1GFWv\"><a href=\"https:\/\/www.irsam.fr\/laressource\/2026\/02\/26\/article-voyage-rodrigues-25-02-2026\/\">Voyage Rodrigues : les enfants imaginent leur voyage en mots et en images<\/a><\/blockquote><iframe sandbox=\"allow-scripts\" security=\"restricted\" src=\"https:\/\/www.irsam.fr\/laressource\/2026\/02\/26\/article-voyage-rodrigues-25-02-2026\/embed\/#?secret=K3frn1GFWv\" width=\"600\" height=\"338\" title=\"\u00ab\u00a0Voyage Rodrigues : les enfants imaginent leur voyage en mots et en images\u00a0\u00bb &#8212; La Ressource\" data-secret=\"K3frn1GFWv\" frameborder=\"0\" marginwidth=\"0\" marginheight=\"0\" scrolling=\"no\" class=\"wp-embedded-content\"><\/iframe><script type=\"text\/javascript\">\n\/* <![CDATA[ *\/\n\/*! This file is auto-generated *\/\n!function(d,l){\"use strict\";l.querySelector&&d.addEventListener&&\"undefined\"!=typeof URL&&(d.wp=d.wp||{},d.wp.receiveEmbedMessage||(d.wp.receiveEmbedMessage=function(e){var t=e.data;if((t||t.secret||t.message||t.value)&&!\/[^a-zA-Z0-9]\/.test(t.secret)){for(var s,r,n,a=l.querySelectorAll('iframe[data-secret=\"'+t.secret+'\"]'),o=l.querySelectorAll('blockquote[data-secret=\"'+t.secret+'\"]'),c=new RegExp(\"^https?:$\",\"i\"),i=0;i<o.length;i++)o[i].style.display=\"none\";for(i=0;i<a.length;i++)s=a[i],e.source===s.contentWindow&&(s.removeAttribute(\"style\"),\"height\"===t.message?(1e3<(r=parseInt(t.value,10))?r=1e3:~~r<200&&(r=200),s.height=r):\"link\"===t.message&&(r=new URL(s.getAttribute(\"src\")),n=new URL(t.value),c.test(n.protocol))&&n.host===r.host&&l.activeElement===s&&(d.top.location.href=t.value))}},d.addEventListener(\"message\",d.wp.receiveEmbedMessage,!1),l.addEventListener(\"DOMContentLoaded\",function(){for(var e,t,s=l.querySelectorAll(\"iframe.wp-embedded-content\"),r=0;r<s.length;r++)(t=(e=s[r]).getAttribute(\"data-secret\"))||(t=Math.random().toString(36).substring(2,12),e.src+=\"#?secret=\"+t,e.setAttribute(\"data-secret\",t)),e.contentWindow.postMessage({message:\"ready\",secret:t},\"*\")},!1)))}(window,document);\n\/\/# sourceURL=https:\/\/www.irsam.fr\/laressource\/wp-includes\/js\/wp-embed.min.js\n\/* ]]> *\/\n<\/script>\n","thumbnail_url":"https:\/\/www.irsam.fr\/laressource\/wp-content\/uploads\/sites\/2\/2026\/04\/IMG_10871.jpg","thumbnail_width":1365,"thumbnail_height":1024,"description":"Ce mercredi 25 f\u00e9vrier 2026, nos jeunes futurs voyageurs ont brillamment mobilis\u00e9 leur m\u00e9moire en exprimant par \u00e9crit le vocabulaire li\u00e9 au th\u00e8me du voyage. Ils \u00e9taient si engag\u00e9s et concentr\u00e9s qu&rsquo;il n&rsquo;a pas \u00e9t\u00e9 souhaitable pour les \u00e9ducatrices de [&hellip;]"}